{"id":46785,"date":"2025-04-08T15:52:59","date_gmt":"2025-04-08T20:52:59","guid":{"rendered":"https:\/\/www.unemi.edu.ec\/?page_id=46785"},"modified":"2025-04-08T15:52:59","modified_gmt":"2025-04-08T20:52:59","slug":"direccion-de-evaluacion-y-perfeccionamiento-academico","status":"publish","type":"page","link":"https:\/\/www.unemi.edu.ec\/index.php\/direccion-de-evaluacion-y-perfeccionamiento-academico\/","title":{"rendered":"Direcci\u00f3n de Evaluaci\u00f3n y Perfeccionamiento Acad\u00e9mico"},"content":{"rendered":"<p style=\"text-align: justify;\"><b>Misi\u00f3n<\/b><\/p>\n<p style=\"text-align: justify;\"><span style=\"font-weight: 400;\">Dirigir la formaci\u00f3n, el desarrollo y la evaluaci\u00f3n de desempe\u00f1o del personal acad\u00e9mico de la UNEMI enmarcada en el modelo educativo y las carreras profesionales que ofrece la instituci\u00f3n, desde la formaci\u00f3n acad\u00e9mica, capacitaci\u00f3n pedag\u00f3gica y actualizaci\u00f3n de conocimiento hasta la promoci\u00f3n y est\u00edmulos en la carrera del profesorado.<\/span><\/p>\n<p style=\"text-align: justify;\"><b>Productos y servicios de las gestiones<\/b><\/p>\n<ul>\n<li style=\"font-weight: 400; text-align: justify;\" aria-level=\"1\"><b>Gesti\u00f3n de Evaluaci\u00f3n y Perfeccionamiento Acad\u00e9mico.<\/b><span style=\"font-weight: 400;\"> &#8211; La Gesti\u00f3n de Evaluaci\u00f3n y Perfeccionamiento Acad\u00e9mico es responsable de coordinar, asesorar y participar en la evaluaci\u00f3n del desempe\u00f1o del personal acad\u00e9mico, mediante la aplicaci\u00f3n de instrumentos de evaluaci\u00f3n, con la finalidad de proporcionar informaci\u00f3n sobre el desempe\u00f1o en actividades de docencia, investigaci\u00f3n, vinculaci\u00f3n y gesti\u00f3n acad\u00e9mica asignadas en el distributivo acad\u00e9mico para la toma de decisiones de las autoridades y directivos de la instituci\u00f3n, adem\u00e1s de planificar el perfeccionamiento, mediante el levantamiento de informaci\u00f3n a trav\u00e9s de la Identificaci\u00f3n de Necesidades de Capacitaci\u00f3n (INC) institucional hasta el dise\u00f1o, elaboraci\u00f3n, actualizaci\u00f3n, socializaci\u00f3n, ejecuci\u00f3n y seguimiento de los respectivos programas para el perfeccionamiento.<\/span><\/li>\n<\/ul>\n","protected":false},"excerpt":{"rendered":"<p>Misi\u00f3n Dirigir la formaci\u00f3n, el desarrollo y la evaluaci\u00f3n de desempe\u00f1o del personal acad\u00e9mico de la UNEMI enmarcada en el modelo educativo y las carreras profesionales que ofrece la instituci\u00f3n, [&hellip;]<\/p>\n","protected":false},"author":35,"featured_media":0,"parent":0,"menu_order":0,"comment_status":"closed","ping_status":"closed","template":"","meta":{"_joinchat":[],"footnotes":""},"class_list":["post-46785","page","type-page","status-publish","hentry"],"_links":{"self":[{"href":"https:\/\/www.unemi.edu.ec\/index.php\/wp-json\/wp\/v2\/pages\/46785","targetHints":{"allow":["GET"]}}],"collection":[{"href":"https:\/\/www.unemi.edu.ec\/index.php\/wp-json\/wp\/v2\/pages"}],"about":[{"href":"https:\/\/www.unemi.edu.ec\/index.php\/wp-json\/wp\/v2\/types\/page"}],"author":[{"embeddable":true,"href":"https:\/\/www.unemi.edu.ec\/index.php\/wp-json\/wp\/v2\/users\/35"}],"replies":[{"embeddable":true,"href":"https:\/\/www.unemi.edu.ec\/index.php\/wp-json\/wp\/v2\/comments?post=46785"}],"version-history":[{"count":2,"href":"https:\/\/www.unemi.edu.ec\/index.php\/wp-json\/wp\/v2\/pages\/46785\/revisions"}],"predecessor-version":[{"id":46787,"href":"https:\/\/www.unemi.edu.ec\/index.php\/wp-json\/wp\/v2\/pages\/46785\/revisions\/46787"}],"wp:attachment":[{"href":"https:\/\/www.unemi.edu.ec\/index.php\/wp-json\/wp\/v2\/media?parent=46785"}],"curies":[{"name":"wp","href":"https:\/\/api.w.org\/{rel}","templated":true}]}}