{"id":46783,"date":"2025-04-08T15:51:18","date_gmt":"2025-04-08T20:51:18","guid":{"rendered":"https:\/\/www.unemi.edu.ec\/?page_id=46783"},"modified":"2025-04-08T15:51:40","modified_gmt":"2025-04-08T20:51:40","slug":"direccion-de-gestion-y-servicios-academicos","status":"publish","type":"page","link":"https:\/\/www.unemi.edu.ec\/index.php\/direccion-de-gestion-y-servicios-academicos\/","title":{"rendered":"Direcci\u00f3n de Gesti\u00f3n y Servicios Acad\u00e9micos"},"content":{"rendered":"<p style=\"text-align: justify;\"><b>Misi\u00f3n<\/b><\/p>\n<p style=\"text-align: justify;\"><span style=\"font-weight: 400;\">Planificar, organizar, dirigir y controlar los procesos de planificaci\u00f3n, gesti\u00f3n y servicios acad\u00e9micos de admisi\u00f3n, nivelaci\u00f3n y formaci\u00f3n de pregrado en todas las modalidades de estudio, producidos a trav\u00e9s de la combinaci\u00f3n equilibrada entre los componentes de docencia, investigaci\u00f3n y vinculaci\u00f3n.<\/span><\/p>\n<p style=\"text-align: justify;\"><b>Productos y servicios de las gestiones<\/b><\/p>\n<ul>\n<li style=\"font-weight: 400; text-align: justify;\" aria-level=\"1\"><b>Gesti\u00f3n de Admisi\u00f3n y Nivelaci\u00f3n.<\/b><span style=\"font-weight: 400;\"> &#8211; La Gesti\u00f3n de Admisi\u00f3n y Nivelaci\u00f3n es la encargada de coordinar y ejecutar el proceso de admisi\u00f3n, nivelaci\u00f3n y movilidad estudiantil en todas las carreras y modalidades de estudio vigentes en la instituci\u00f3n; garantizando la democratizaci\u00f3n del acceso a la educaci\u00f3n superior, con principios de equidad, transparencia y calidad acad\u00e9mica.<\/span><\/li>\n<li style=\"font-weight: 400; text-align: justify;\" aria-level=\"1\"><b>Gesti\u00f3n T\u00e9cnica Acad\u00e9mica.<\/b><span style=\"font-weight: 400;\"> &#8211; La Gesti\u00f3n T\u00e9cnica Acad\u00e9mica es responsable de coordinar y ejecutar proceso de planificaci\u00f3n, ejecuci\u00f3n, control y acompa\u00f1amiento acad\u00e9mico, a trav\u00e9s de distribuci\u00f3n de actividades del personal acad\u00e9mico, tutor\u00edas, ayudant\u00edas, y proceso de titulaci\u00f3n de grado, que integra las funciones sustantivas de docencia, investigaci\u00f3n, vinculaci\u00f3n y gesti\u00f3n acad\u00e9mica, alineados al macro, meso y micro curr\u00edculo institucional.<\/span><\/li>\n<li style=\"font-weight: 400; text-align: justify;\" aria-level=\"1\"><b>Gesti\u00f3n de Atenci\u00f3n y Servicios Acad\u00e9micos.<\/b><span> &#8211; La Gesti\u00f3n de Atenci\u00f3n y Servicios Acad\u00e9micos es responsable de coordinar y ejecutar los procesos acad\u00e9micos y administrativos de los centros de atenci\u00f3n y servicios acad\u00e9micos estudiantiles, as\u00ed como, su articulaci\u00f3n con las dem\u00e1s estructuras institucionales internas y externas, vinculado a los procesos de: formaci\u00f3n acad\u00e9mica, seguimiento a graduados, pr\u00e1cticas preprofesionales, vinculaci\u00f3n con la sociedad, titulaci\u00f3n de grado.<\/span><\/li>\n<\/ul>\n","protected":false},"excerpt":{"rendered":"<p>Misi\u00f3n Planificar, organizar, dirigir y controlar los procesos de planificaci\u00f3n, gesti\u00f3n y servicios acad\u00e9micos de admisi\u00f3n, nivelaci\u00f3n y formaci\u00f3n de pregrado en todas las modalidades de estudio, producidos a trav\u00e9s [&hellip;]<\/p>\n","protected":false},"author":35,"featured_media":0,"parent":0,"menu_order":0,"comment_status":"closed","ping_status":"closed","template":"","meta":{"_joinchat":[],"footnotes":""},"class_list":["post-46783","page","type-page","status-publish","hentry"],"_links":{"self":[{"href":"https:\/\/www.unemi.edu.ec\/index.php\/wp-json\/wp\/v2\/pages\/46783","targetHints":{"allow":["GET"]}}],"collection":[{"href":"https:\/\/www.unemi.edu.ec\/index.php\/wp-json\/wp\/v2\/pages"}],"about":[{"href":"https:\/\/www.unemi.edu.ec\/index.php\/wp-json\/wp\/v2\/types\/page"}],"author":[{"embeddable":true,"href":"https:\/\/www.unemi.edu.ec\/index.php\/wp-json\/wp\/v2\/users\/35"}],"replies":[{"embeddable":true,"href":"https:\/\/www.unemi.edu.ec\/index.php\/wp-json\/wp\/v2\/comments?post=46783"}],"version-history":[{"count":1,"href":"https:\/\/www.unemi.edu.ec\/index.php\/wp-json\/wp\/v2\/pages\/46783\/revisions"}],"predecessor-version":[{"id":46784,"href":"https:\/\/www.unemi.edu.ec\/index.php\/wp-json\/wp\/v2\/pages\/46783\/revisions\/46784"}],"wp:attachment":[{"href":"https:\/\/www.unemi.edu.ec\/index.php\/wp-json\/wp\/v2\/media?parent=46783"}],"curies":[{"name":"wp","href":"https:\/\/api.w.org\/{rel}","templated":true}]}}